{"id":6,"date":"2019-04-20T14:41:42","date_gmt":"2019-04-20T14:41:42","guid":{"rendered":"http:\/\/antoniojosebotelho.com.br\/br\/?page_id=6"},"modified":"2026-04-21T16:13:21","modified_gmt":"2026-04-21T20:13:21","slug":"livros-publicados","status":"publish","type":"page","link":"http:\/\/antoniojosebotelho.com.br\/br\/livros-publicados\/","title":{"rendered":"Livros Publicados"},"content":{"rendered":"\n<p>Publicados entre 1996 e 2026.<\/p>\n\n\n\n<p><\/p>\n\n\n\n<div class=\"wp-block-columns has-2-columns is-layout-flex wp-container-core-columns-is-layout-9d6595d7 wp-block-columns-is-layout-flex\">\n<div class=\"wp-block-column is-layout-flow wp-block-column-is-layout-flow\">\n<p><strong><strong><strong><strong><strong>Significados&amp;Significa\u00e7\u00f5es Para<\/strong><\/strong><\/strong><\/strong><\/strong><br><strong><strong><strong><strong><strong>Assentamentos no Espa\u00e7o<\/strong><\/strong><\/strong><\/strong><\/strong><br><strong><strong><strong><strong><strong>Interno&amp;Subjetivo<\/strong><\/strong><\/strong><\/strong><\/strong><\/p>\n\n\n\n<figure class=\"wp-block-image size-full is-resized\"><img loading=\"lazy\" decoding=\"async\" width=\"1749\" height=\"2481\" src=\"http:\/\/antoniojosebotelho.com.br\/br\/wp-content\/uploads\/2026\/04\/Capa-8.png\" alt=\"\" class=\"wp-image-1166\" style=\"aspect-ratio:0.7049575821845175;width:153px;height:auto\" srcset=\"http:\/\/antoniojosebotelho.com.br\/br\/wp-content\/uploads\/2026\/04\/Capa-8.png 1749w, http:\/\/antoniojosebotelho.com.br\/br\/wp-content\/uploads\/2026\/04\/Capa-8-211x300.png 211w, http:\/\/antoniojosebotelho.com.br\/br\/wp-content\/uploads\/2026\/04\/Capa-8-722x1024.png 722w, http:\/\/antoniojosebotelho.com.br\/br\/wp-content\/uploads\/2026\/04\/Capa-8-768x1089.png 768w, http:\/\/antoniojosebotelho.com.br\/br\/wp-content\/uploads\/2026\/04\/Capa-8-1083x1536.png 1083w, http:\/\/antoniojosebotelho.com.br\/br\/wp-content\/uploads\/2026\/04\/Capa-8-1444x2048.png 1444w\" sizes=\"auto, (max-width: 1749px) 100vw, 1749px\" \/><\/figure>\n\n\n\n<p><a href=\"https:\/\/antoniojosebotelho.com.br\/br\/2026\/04\/21\/significadossignificacoes-para-assentamentos-no-espaco-internosubjetivo\/\">Saiba mais<\/a><\/p>\n\n\n\n<p>Ano: 2026<br>ISBN 978-65-01-92425-0<\/p>\n\n\n\n<p><\/p>\n\n\n\n<p><\/p>\n<\/div>\n\n\n\n<div class=\"wp-block-column is-layout-flow wp-block-column-is-layout-flow\">\n<p><strong><strong><strong><strong><strong>Personagens &amp; Pap\u00e9is:<\/strong><\/strong><\/strong><\/strong><\/strong><\/p>\n\n\n\n<figure class=\"wp-block-image size-full\"><img loading=\"lazy\" decoding=\"async\" width=\"146\" height=\"216\" src=\"https:\/\/antoniojosebotelho.com.br\/br\/wp-content\/uploads\/2025\/08\/capa-250816a-pequeno-site2.png\" alt=\"\" class=\"wp-image-1138\"\/><\/figure>\n\n\n\n<p><a href=\"https:\/\/antoniojosebotelho.com.br\/br\/2025\/08\/16\/personagens-papeis-imagens-notas-de-uma-existencia\/\">Saiba mais<\/a><\/p>\n\n\n\n<p>Imagens &amp; Notas de uma Exist\u00eancia!<br>Ano: 2025<br>ISBN 978-65-01-52532-7<\/p>\n<\/div>\n<\/div>\n\n\n\n<div class=\"wp-block-columns has-2-columns is-layout-flex wp-container-core-columns-is-layout-9d6595d7 wp-block-columns-is-layout-flex\">\n<div class=\"wp-block-column is-layout-flow wp-block-column-is-layout-flow\">\n<p><strong><strong><strong><strong><strong>Passeios &amp; Peregrina\u00e7\u00f5es<\/strong><\/strong><\/strong><\/strong><\/strong>:<\/p>\n\n\n\n<figure class=\"wp-block-image size-full is-resized\"><img loading=\"lazy\" decoding=\"async\" width=\"146\" height=\"205\" src=\"https:\/\/antoniojosebotelho.com.br\/br\/wp-content\/uploads\/2025\/05\/passeios-capa-peq.png\" alt=\"\" class=\"wp-image-1127\" style=\"width:146px;height:205px\"\/><\/figure>\n\n\n\n<p><a href=\"https:\/\/antoniojosebotelho.com.br\/br\/2025\/05\/01\/passeios-peregrinacoes-13-anos-de-desfrute\/\" target=\"_blank\" rel=\"noreferrer noopener\">Saiba mais<\/a><\/p>\n\n\n\n<p>13 anos de desfrute!<br>Ano: 2025<br>ISBN 978-65-01-38090-2<\/p>\n<\/div>\n\n\n\n<div class=\"wp-block-column is-layout-flow wp-block-column-is-layout-flow\">\n<p><strong><strong><strong><strong><strong>S\u00e9ries de Hatha Yoga<\/strong><\/strong><\/strong><\/strong><\/strong><\/p>\n\n\n\n<figure class=\"wp-block-image size-large is-resized\"><img loading=\"lazy\" decoding=\"async\" width=\"689\" height=\"1024\" src=\"http:\/\/antoniojosebotelho.com.br\/br\/wp-content\/uploads\/2025\/02\/capa-series-689x1024.png\" alt=\"\" class=\"wp-image-1115\" style=\"width:146px;height:205px\" srcset=\"http:\/\/antoniojosebotelho.com.br\/br\/wp-content\/uploads\/2025\/02\/capa-series-689x1024.png 689w, http:\/\/antoniojosebotelho.com.br\/br\/wp-content\/uploads\/2025\/02\/capa-series-202x300.png 202w, http:\/\/antoniojosebotelho.com.br\/br\/wp-content\/uploads\/2025\/02\/capa-series-768x1141.png 768w, http:\/\/antoniojosebotelho.com.br\/br\/wp-content\/uploads\/2025\/02\/capa-series.png 990w\" sizes=\"auto, (max-width: 689px) 100vw, 689px\" \/><\/figure>\n\n\n\n<p><a href=\"https:\/\/antoniojosebotelho.com.br\/br\/2025\/02\/01\/series-de-hatha-yoga-duas-decadas-de-pratica\/\">Saiba mais<\/a><\/p>\n\n\n\n<p>Duas d\u00e9cadas de pr\u00e1tica<br>Ano: 2025<br>ISBN 978-65-01-28780-5<\/p>\n<\/div>\n<\/div>\n\n\n\n<div class=\"wp-block-columns has-2-columns is-layout-flex wp-container-core-columns-is-layout-9d6595d7 wp-block-columns-is-layout-flex\">\n<div class=\"wp-block-column is-layout-flow wp-block-column-is-layout-flow\">\n<p><strong>S\u00ednteses Ilustradas de Nove das Principais Upanishads<\/strong><\/p>\n\n\n\n<figure class=\"wp-block-image size-large is-resized\"><img loading=\"lazy\" decoding=\"async\" width=\"723\" height=\"1024\" src=\"http:\/\/antoniojosebotelho.com.br\/br\/wp-content\/uploads\/2024\/12\/capa-livro-upanishads-seg-edicao-v2-723x1024.jpg\" alt=\"\" class=\"wp-image-1097\" style=\"width:146px;height:205px\" srcset=\"http:\/\/antoniojosebotelho.com.br\/br\/wp-content\/uploads\/2024\/12\/capa-livro-upanishads-seg-edicao-v2-723x1024.jpg 723w, http:\/\/antoniojosebotelho.com.br\/br\/wp-content\/uploads\/2024\/12\/capa-livro-upanishads-seg-edicao-v2-212x300.jpg 212w, http:\/\/antoniojosebotelho.com.br\/br\/wp-content\/uploads\/2024\/12\/capa-livro-upanishads-seg-edicao-v2-768x1088.jpg 768w, http:\/\/antoniojosebotelho.com.br\/br\/wp-content\/uploads\/2024\/12\/capa-livro-upanishads-seg-edicao-v2.jpg 990w\" sizes=\"auto, (max-width: 723px) 100vw, 723px\" \/><\/figure>\n\n\n\n<p><a href=\"http:\/\/antoniojosebotelho.com.br\/br\/2024\/12\/23\/sintese-ilustradas-de-nove-das-principais-upanishads\/\">Saiba mais<\/a><\/p>\n\n\n\n<p>Uma abordagem do que elas ensinam sobre os fundamentos ved\u00e2nticos &#8211; 2\u00aa edi\u00e7\u00e3o<br>Ano: 2024<br>ISBN 978-65-01-214320-0<\/p>\n<\/div>\n\n\n\n<div class=\"wp-block-column is-layout-flow wp-block-column-is-layout-flow\">\n<p><strong><strong><strong><strong><strong>Louvores Oferendas &amp; Peti\u00e7\u00f5es V\u00e9dicas<\/strong><\/strong><\/strong><\/strong><\/strong><\/p>\n\n\n\n<figure class=\"wp-block-image size-large is-resized\"><img loading=\"lazy\" decoding=\"async\" width=\"707\" height=\"1024\" src=\"http:\/\/antoniojosebotelho.com.br\/br\/wp-content\/uploads\/2024\/06\/capa-livro2024-707x1024.png\" alt=\"\" class=\"wp-image-1037\" style=\"width:146px;height:205px\" srcset=\"http:\/\/antoniojosebotelho.com.br\/br\/wp-content\/uploads\/2024\/06\/capa-livro2024-707x1024.png 707w, http:\/\/antoniojosebotelho.com.br\/br\/wp-content\/uploads\/2024\/06\/capa-livro2024-207x300.png 207w, http:\/\/antoniojosebotelho.com.br\/br\/wp-content\/uploads\/2024\/06\/capa-livro2024-768x1112.png 768w, http:\/\/antoniojosebotelho.com.br\/br\/wp-content\/uploads\/2024\/06\/capa-livro2024.png 990w\" sizes=\"auto, (max-width: 707px) 100vw, 707px\" \/><\/figure>\n\n\n\n<p><a href=\"http:\/\/antoniojosebotelho.com.br\/br\/2023\/07\/14\/sintese-e-comentarios-sobre-a-hatha-yoga-pradipika\/\">Saiba mais<\/a><\/p>\n\n\n\n<p>Uma perspectiva de medita\u00e7\u00e3o<br>Ano: 2024<br>ISBN 978-65-00-97210-8<\/p>\n<\/div>\n<\/div>\n\n\n\n<div class=\"wp-block-columns has-2-columns is-layout-flex wp-container-core-columns-is-layout-9d6595d7 wp-block-columns-is-layout-flex\">\n<div class=\"wp-block-column is-layout-flow wp-block-column-is-layout-flow\">\n<p><strong><strong><strong><strong><strong><strong><strong><strong>S\u00edntese e Coment\u00e1rios sobre a Hatha Yoga Pradipika<\/strong><\/strong><\/strong><\/strong><\/strong><\/strong><\/strong><\/strong><\/p>\n\n\n\n<figure class=\"wp-block-image size-large is-resized\"><a href=\"https:\/\/antoniojosebotelho.com.br\/br\/2023\/07\/14\/sintese-e-comentarios-sobre-a-hatha-yoga-pradipika\/\"><img loading=\"lazy\" decoding=\"async\" width=\"707\" height=\"1024\" src=\"http:\/\/antoniojosebotelho.com.br\/br\/wp-content\/uploads\/2023\/07\/capa-hathayoga_pratipika_vermelho-707x1024.png\" alt=\"\" class=\"wp-image-1108\" style=\"aspect-ratio:0.7121951219512195;width:146px;height:auto\" srcset=\"http:\/\/antoniojosebotelho.com.br\/br\/wp-content\/uploads\/2023\/07\/capa-hathayoga_pratipika_vermelho-707x1024.png 707w, http:\/\/antoniojosebotelho.com.br\/br\/wp-content\/uploads\/2023\/07\/capa-hathayoga_pratipika_vermelho-207x300.png 207w, http:\/\/antoniojosebotelho.com.br\/br\/wp-content\/uploads\/2023\/07\/capa-hathayoga_pratipika_vermelho-768x1112.png 768w, http:\/\/antoniojosebotelho.com.br\/br\/wp-content\/uploads\/2023\/07\/capa-hathayoga_pratipika_vermelho.png 990w\" sizes=\"auto, (max-width: 707px) 100vw, 707px\" \/><\/a><\/figure>\n\n\n\n<p><a href=\"https:\/\/antoniojosebotelho.com.br\/br\/2023\/07\/14\/sintese-e-comentarios-sobre-a-hatha-yoga-pradipika\/\">Saiba mais<\/a><\/p>\n\n\n\n<p>Uma abordagem.<br>Ano: 2023<br>ISBN 978-65-00-69215-0<\/p>\n<\/div>\n\n\n\n<div class=\"wp-block-column is-layout-flow wp-block-column-is-layout-flow\">\n<p><strong><strong><strong><strong><strong><strong><strong>Patanjali Yoga Sutras IV a.C &#8211; II d.C.<\/strong><\/strong><\/strong><\/strong><\/strong><\/strong><\/strong><\/p>\n\n\n\n<figure class=\"wp-block-image size-large is-resized\"><a href=\"http:\/\/antoniojosebotelho.com.br\/br\/2021\/09\/06\/patanjali-yoga-sutras-iv-a-c-ii-d-c\/\"><img loading=\"lazy\" decoding=\"async\" width=\"726\" height=\"1024\" src=\"http:\/\/antoniojosebotelho.com.br\/br\/wp-content\/uploads\/2021\/09\/capa-livro-pantajali-726x1024.jpg\" alt=\"\" class=\"wp-image-1005\" style=\"width:143px;height:202px\" srcset=\"http:\/\/antoniojosebotelho.com.br\/br\/wp-content\/uploads\/2021\/09\/capa-livro-pantajali-726x1024.jpg 726w, http:\/\/antoniojosebotelho.com.br\/br\/wp-content\/uploads\/2021\/09\/capa-livro-pantajali-213x300.jpg 213w, http:\/\/antoniojosebotelho.com.br\/br\/wp-content\/uploads\/2021\/09\/capa-livro-pantajali-768x1083.jpg 768w, http:\/\/antoniojosebotelho.com.br\/br\/wp-content\/uploads\/2021\/09\/capa-livro-pantajali-1090x1536.jpg 1090w, http:\/\/antoniojosebotelho.com.br\/br\/wp-content\/uploads\/2021\/09\/capa-livro-pantajali-1453x2048.jpg 1453w, http:\/\/antoniojosebotelho.com.br\/br\/wp-content\/uploads\/2021\/09\/capa-livro-pantajali.jpg 1816w\" sizes=\"auto, (max-width: 726px) 100vw, 726px\" \/><\/a><figcaption class=\"wp-element-caption\"><a href=\"http:\/\/antoniojosebotelho.com.br\/br\/2021\/09\/06\/patanjali-yoga-sutras-iv-a-c-ii-d-c\/\">Saiba mais<\/a><\/figcaption><\/figure>\n\n\n\n<p>Compila\u00e7\u00f5es, transcri\u00e7\u00f5es e ilustra\u00e7\u00f5es.<br>Ano: 2021<br>ISBN 978-65-00-22269-2<\/p>\n<\/div>\n<\/div>\n\n\n\n<div class=\"wp-block-columns has-2-columns is-layout-flex wp-container-core-columns-is-layout-9d6595d7 wp-block-columns-is-layout-flex\">\n<div class=\"wp-block-column is-layout-flow wp-block-column-is-layout-flow\">\n<p><strong><strong><strong><strong><strong><strong><strong>S\u00edntese Livres de Textos Sagrados Hindus e Budista.<\/strong><\/strong><\/strong><\/strong><\/strong><\/strong><\/strong><\/p>\n\n\n\n<figure class=\"wp-block-image is-resized\"><img decoding=\"async\" src=\"http:\/\/antoniojosebotelho.com.br\/br\/wp-content\/uploads\/2020\/08\/dharma-sintese-2020-1-726x1024.jpg\" alt=\"\" class=\"wp-image-99\" style=\"width:146px;height:205px\"\/><figcaption class=\"wp-element-caption\"><a href=\"http:\/\/antoniojosebotelho.com.br\/br\/2020\/08\/12\/sinteses-livres-de-textos-sagrados-hindus-e-budista-uma-contribuicao-para-o-dharma\/\">Saiba mais<\/a><\/figcaption><\/figure>\n\n\n\n<p>Uma contribui\u00e7\u00e3o para o Dharma.<br>Ano: 2020<br>ISBN 978-65-00-00916-3<\/p>\n<\/div>\n\n\n\n<div class=\"wp-block-column is-layout-flow wp-block-column-is-layout-flow\">\n<p><strong><strong><strong><strong><strong><strong><strong><strong>S\u00edntese de oito UPANISHADS<\/strong><\/strong><\/strong><\/strong><\/strong><\/strong><\/strong><\/strong><\/p>\n\n\n\n<figure class=\"wp-block-image is-resized\"><img loading=\"lazy\" decoding=\"async\" width=\"577\" height=\"812\" src=\"http:\/\/antoniojosebotelho.com.br\/br\/wp-content\/uploads\/2019\/05\/2017_sinteses-de-oito.png\" alt=\"\" class=\"wp-image-100\" style=\"width:144px;height:203px\" srcset=\"http:\/\/antoniojosebotelho.com.br\/br\/wp-content\/uploads\/2019\/05\/2017_sinteses-de-oito.png 577w, http:\/\/antoniojosebotelho.com.br\/br\/wp-content\/uploads\/2019\/05\/2017_sinteses-de-oito-213x300.png 213w\" sizes=\"auto, (max-width: 577px) 100vw, 577px\" \/><figcaption class=\"wp-element-caption\"><a href=\"http:\/\/antoniojosebotelho.com.br\/br\/2019\/05\/12\/sinteses-de-oito-upanishads-uma-visao-do-que-elas-ensinam-sobre-o-yoga\/\">Saiba mais<\/a><\/figcaption><\/figure>\n\n\n\n<p>Uma vis\u00e3o do que elas ensinam sobre o YOGA.<br>Ano: 2016<br>ISBN 978-85-910414-5-9<\/p>\n<\/div>\n<\/div>\n\n\n\n<div class=\"wp-block-columns has-2-columns is-layout-flex wp-container-core-columns-is-layout-9d6595d7 wp-block-columns-is-layout-flex\">\n<div class=\"wp-block-column is-layout-flow wp-block-column-is-layout-flow\">\n<p><strong><strong><strong><strong><strong><strong><strong><strong>Coisas do Botelho, AJ<\/strong><\/strong><\/strong><\/strong><\/strong><\/strong><\/strong><\/strong><\/p>\n\n\n\n<figure class=\"wp-block-image is-resized\"><img loading=\"lazy\" decoding=\"async\" width=\"577\" height=\"812\" src=\"http:\/\/antoniojosebotelho.com.br\/br\/wp-content\/uploads\/2019\/05\/2017_coisas-do-botelho.png\" alt=\"\" class=\"wp-image-99\" style=\"width:144px;height:203px\" srcset=\"http:\/\/antoniojosebotelho.com.br\/br\/wp-content\/uploads\/2019\/05\/2017_coisas-do-botelho.png 577w, http:\/\/antoniojosebotelho.com.br\/br\/wp-content\/uploads\/2019\/05\/2017_coisas-do-botelho-213x300.png 213w\" sizes=\"auto, (max-width: 577px) 100vw, 577px\" \/><figcaption class=\"wp-element-caption\"><a href=\"http:\/\/antoniojosebotelho.com.br\/br\/2019\/05\/27\/coisas-do-botelho-aj-2\/\">Saiba mais<\/a><\/figcaption><\/figure>\n\n\n\n<p>Ano: 2015<br>ISBN 978-85-910414-4-2<\/p>\n<\/div>\n\n\n\n<div class=\"wp-block-column is-layout-flow wp-block-column-is-layout-flow\">\n<p><strong><strong><strong><strong><strong><strong><strong><strong>Express\u00e3o de uma Espiritualidade<\/strong><\/strong><\/strong><\/strong><\/strong><\/strong><\/strong><\/strong><\/p>\n\n\n\n<figure class=\"wp-block-image is-resized\"><img loading=\"lazy\" decoding=\"async\" width=\"577\" height=\"812\" src=\"http:\/\/antoniojosebotelho.com.br\/br\/wp-content\/uploads\/2019\/05\/2014_expressao.png\" alt=\"\" class=\"wp-image-98\" style=\"width:144px;height:203px\" srcset=\"http:\/\/antoniojosebotelho.com.br\/br\/wp-content\/uploads\/2019\/05\/2014_expressao.png 577w, http:\/\/antoniojosebotelho.com.br\/br\/wp-content\/uploads\/2019\/05\/2014_expressao-213x300.png 213w\" sizes=\"auto, (max-width: 577px) 100vw, 577px\" \/><figcaption class=\"wp-element-caption\"><a href=\"http:\/\/antoniojosebotelho.com.br\/br\/2019\/05\/27\/expressao-de-uma-espiritualidade-org\/\">Saiba mais<\/a><\/figcaption><\/figure>\n\n\n\n<p>Ano: 2014<\/p>\n<\/div>\n<\/div>\n\n\n\n<div class=\"wp-block-columns has-2-columns is-layout-flex wp-container-core-columns-is-layout-9d6595d7 wp-block-columns-is-layout-flex\">\n<div class=\"wp-block-column is-layout-flow wp-block-column-is-layout-flow\">\n<p><strong><strong><strong><strong><strong><strong><strong><strong>Pequeno Ensaio em Prol da Constru\u00e7\u00e3o de um Capitalismo Amaz\u00f4nico<\/strong><\/strong><\/strong><\/strong><\/strong><\/strong><\/strong><\/strong><\/p>\n\n\n\n<figure class=\"wp-block-image is-resized\"><img loading=\"lazy\" decoding=\"async\" width=\"577\" height=\"812\" src=\"http:\/\/antoniojosebotelho.com.br\/br\/wp-content\/uploads\/2019\/05\/2012-pequeno-ensaio-ibooks.png\" alt=\"\" class=\"wp-image-310\" style=\"width:143px;height:201px\" srcset=\"http:\/\/antoniojosebotelho.com.br\/br\/wp-content\/uploads\/2019\/05\/2012-pequeno-ensaio-ibooks.png 577w, http:\/\/antoniojosebotelho.com.br\/br\/wp-content\/uploads\/2019\/05\/2012-pequeno-ensaio-ibooks-213x300.png 213w\" sizes=\"auto, (max-width: 577px) 100vw, 577px\" \/><figcaption class=\"wp-element-caption\"><a href=\"http:\/\/antoniojosebotelho.com.br\/br\/2019\/05\/27\/pequeno-ensaio-em-prol-da-construcao-de-um-capitalismo-amazonico\/\">Saiba mais<\/a><\/figcaption><\/figure>\n\n\n\n<p>Ano: 2012<br>Lan\u00e7ado no iBooks &#8211; Apple<\/p>\n<\/div>\n\n\n\n<div class=\"wp-block-column is-layout-flow wp-block-column-is-layout-flow\">\n<p><strong><strong><strong><strong><strong><strong><strong><strong>S\u00ednteses ilustradas de nove das principais upanishads: uma abordagem do que elas ensinam sobre os fundamentos ved\u00e2nticos<\/strong><\/strong><\/strong><\/strong><\/strong><\/strong><\/strong><\/strong><\/p>\n\n\n\n<figure class=\"wp-block-image is-resized\"><img loading=\"lazy\" decoding=\"async\" width=\"577\" height=\"812\" src=\"http:\/\/antoniojosebotelho.com.br\/br\/wp-content\/uploads\/2019\/05\/2011_upanishads.png\" alt=\"\" class=\"wp-image-96\" style=\"width:144px;height:203px\" srcset=\"http:\/\/antoniojosebotelho.com.br\/br\/wp-content\/uploads\/2019\/05\/2011_upanishads.png 577w, http:\/\/antoniojosebotelho.com.br\/br\/wp-content\/uploads\/2019\/05\/2011_upanishads-213x300.png 213w\" sizes=\"auto, (max-width: 577px) 100vw, 577px\" \/><figcaption class=\"wp-element-caption\"><a href=\"https:\/\/clubedeautores.com.br\/livro\/sinteses-ilustradas-de-nove-das-principais-upanishads\" target=\"_blank\" rel=\"noreferrer noopener\" aria-label=\"Saiba mais (abre numa nova aba)\">Saiba mais<\/a><\/figcaption><\/figure>\n\n\n\n<p>Ano: 2011<br>ISBN 978-85-910414-2-8<\/p>\n<\/div>\n<\/div>\n\n\n\n<div class=\"wp-block-columns has-2-columns is-layout-flex wp-container-core-columns-is-layout-9d6595d7 wp-block-columns-is-layout-flex\">\n<div class=\"wp-block-column is-layout-flow wp-block-column-is-layout-flow\">\n<p><strong><strong><strong><strong><strong><strong><strong><strong>Pequeno Ensaio em Prol da Constru\u00e7\u00e3o de um Capitalismo Amaz\u00f4nico<\/strong><\/strong><\/strong><\/strong><\/strong><\/strong><\/strong><\/strong><\/p>\n\n\n\n<figure class=\"wp-block-image is-resized\"><img loading=\"lazy\" decoding=\"async\" width=\"577\" height=\"812\" src=\"http:\/\/antoniojosebotelho.com.br\/br\/wp-content\/uploads\/2019\/05\/2011_pequeno-ensaio.png\" alt=\"\" class=\"wp-image-95\" style=\"width:142px;height:199px\" srcset=\"http:\/\/antoniojosebotelho.com.br\/br\/wp-content\/uploads\/2019\/05\/2011_pequeno-ensaio.png 577w, http:\/\/antoniojosebotelho.com.br\/br\/wp-content\/uploads\/2019\/05\/2011_pequeno-ensaio-213x300.png 213w\" sizes=\"auto, (max-width: 577px) 100vw, 577px\" \/><figcaption class=\"wp-element-caption\"><a href=\"http:\/\/antoniojosebotelho.com.br\/br\/2019\/05\/12\/pequeno-ensaio-em-prol-da-construcao-de-um-capitalismo-amazonico-a-partir-de-manaus\/\">Saiba mais<\/a><\/figcaption><\/figure>\n\n\n\n<p>Ano: 2012<br>ISBN 85-88527-06-5<\/p>\n<\/div>\n\n\n\n<div class=\"wp-block-column is-layout-flow wp-block-column-is-layout-flow\">\n<p><strong><strong><strong><strong><strong><strong><strong><strong>S\u00edntese &amp; Reflex\u00f5es em prol da constru\u00e7\u00e3o de um capitalismo amaz\u00f4nico a partir de Manaus<\/strong><\/strong><\/strong><\/strong><\/strong><\/strong><\/strong><\/strong><\/p>\n\n\n\n<figure class=\"wp-block-image is-resized\"><img loading=\"lazy\" decoding=\"async\" width=\"577\" height=\"812\" src=\"http:\/\/antoniojosebotelho.com.br\/br\/wp-content\/uploads\/2019\/05\/2010_sinteses-reflexoes2.png\" alt=\"\" class=\"wp-image-105\" style=\"width:146px;height:205px\" srcset=\"http:\/\/antoniojosebotelho.com.br\/br\/wp-content\/uploads\/2019\/05\/2010_sinteses-reflexoes2.png 577w, http:\/\/antoniojosebotelho.com.br\/br\/wp-content\/uploads\/2019\/05\/2010_sinteses-reflexoes2-213x300.png 213w\" sizes=\"auto, (max-width: 577px) 100vw, 577px\" \/><figcaption class=\"wp-element-caption\"><a href=\"https:\/\/clubedeautores.com.br\/livro\/sinteses-reflexoes-em-prol-das-amazonidades-como-ideario-de-desenvolvimento\" target=\"_blank\" rel=\"noreferrer noopener\" aria-label=\"Saiba mais (abre numa nova aba)\">Saiba mais<\/a><\/figcaption><\/figure>\n\n\n\n<p>Ano: 2011<br>ISBN 978-85-910414-0-4<\/p>\n<\/div>\n<\/div>\n\n\n\n<div class=\"wp-block-columns has-2-columns is-layout-flex wp-container-core-columns-is-layout-9d6595d7 wp-block-columns-is-layout-flex\">\n<div class=\"wp-block-column is-layout-flow wp-block-column-is-layout-flow\">\n<p><strong><strong><strong><strong><strong><strong><strong><strong>Toques Anarquistas: Contribui\u00e7\u00e3o para uma vis\u00e3o de mundo alternativo<\/strong><\/strong><\/strong> <\/strong><\/strong><\/strong><\/strong><\/strong><\/p>\n\n\n\n<figure class=\"wp-block-image is-resized\"><img loading=\"lazy\" decoding=\"async\" width=\"577\" height=\"812\" src=\"http:\/\/antoniojosebotelho.com.br\/br\/wp-content\/uploads\/2019\/05\/2007_toques-anarquistas.png\" alt=\"\" class=\"wp-image-93\" style=\"width:144px;height:202px\" srcset=\"http:\/\/antoniojosebotelho.com.br\/br\/wp-content\/uploads\/2019\/05\/2007_toques-anarquistas.png 577w, http:\/\/antoniojosebotelho.com.br\/br\/wp-content\/uploads\/2019\/05\/2007_toques-anarquistas-213x300.png 213w\" sizes=\"auto, (max-width: 577px) 100vw, 577px\" \/><figcaption class=\"wp-element-caption\"><a href=\"http:\/\/antoniojosebotelho.com.br\/br\/2019\/05\/12\/toques-anarquistas-contribuicao-para-uma-visao-de-mundo-alternativa-2\/\">Saiba mais<\/a><\/figcaption><\/figure>\n\n\n\n<p>Lan\u00e7ado em 2007<br>ISBN 978-85-60982-02-8<br><\/p>\n<\/div>\n\n\n\n<div class=\"wp-block-column is-layout-flow wp-block-column-is-layout-flow\">\n<p><strong><strong><strong><strong>Cartas manifesta\u00e7\u00f5es reflex\u00f5es e reprodu\u00e7\u00f5es: espiritualidade e cidadania<\/strong><\/strong><\/strong><\/strong><\/p>\n\n\n\n<figure class=\"wp-block-image is-resized\"><img loading=\"lazy\" decoding=\"async\" width=\"577\" height=\"812\" src=\"http:\/\/antoniojosebotelho.com.br\/br\/wp-content\/uploads\/2019\/05\/2006_cartas-manifestacoes.png\" alt=\"\" class=\"wp-image-91\" style=\"width:138px;height:194px\" srcset=\"http:\/\/antoniojosebotelho.com.br\/br\/wp-content\/uploads\/2019\/05\/2006_cartas-manifestacoes.png 577w, http:\/\/antoniojosebotelho.com.br\/br\/wp-content\/uploads\/2019\/05\/2006_cartas-manifestacoes-213x300.png 213w\" sizes=\"auto, (max-width: 577px) 100vw, 577px\" \/><figcaption class=\"wp-element-caption\"><a href=\"http:\/\/antoniojosebotelho.com.br\/br\/2019\/05\/12\/cartas-manifestacoes-reflexoes-e-reproducoes-espiritualidade-e-cidadania-org\/\">Saiba mais<\/a><\/figcaption><\/figure>\n\n\n\n<p>Lan\u00e7ado em 2006<\/p>\n<\/div>\n<\/div>\n\n\n\n<div class=\"wp-block-columns has-2-columns is-layout-flex wp-container-core-columns-is-layout-9d6595d7 wp-block-columns-is-layout-flex\">\n<div class=\"wp-block-column is-layout-flow wp-block-column-is-layout-flow\">\n<p><strong><strong><strong><strong><strong><strong><strong><strong>Redesenhando o Projeto Zona Franca de Manaus<\/strong><\/strong><\/strong><\/strong><br><\/strong><\/strong><\/strong><\/strong><\/p>\n\n\n\n<figure class=\"wp-block-image is-resized\"><img loading=\"lazy\" decoding=\"async\" width=\"577\" height=\"812\" src=\"http:\/\/antoniojosebotelho.com.br\/br\/wp-content\/uploads\/2019\/05\/2006_redesenhando-o-projeto.png\" alt=\"\" class=\"wp-image-92\" style=\"width:141px;height:198px\" srcset=\"http:\/\/antoniojosebotelho.com.br\/br\/wp-content\/uploads\/2019\/05\/2006_redesenhando-o-projeto.png 577w, http:\/\/antoniojosebotelho.com.br\/br\/wp-content\/uploads\/2019\/05\/2006_redesenhando-o-projeto-213x300.png 213w\" sizes=\"auto, (max-width: 577px) 100vw, 577px\" \/><figcaption class=\"wp-element-caption\"><a href=\"http:\/\/antoniojosebotelho.com.br\/br\/2019\/05\/12\/redesenhando-o-projeto-zfm\/\">Saiba mais<\/a><\/figcaption><\/figure>\n\n\n\n<p>Lan\u00e7ado em 2006<br>ISBN 85-85482-71-0<\/p>\n<\/div>\n\n\n\n<div class=\"wp-block-column is-layout-flow wp-block-column-is-layout-flow\">\n<p><strong><strong><strong><strong><strong><strong><strong><strong>Apontamentos de Engenharia Economica &#8211; Um enfoque a partir do anarquismo no contexto do desenvolvimento sustent\u00e1vel<\/strong><\/strong><\/strong><\/strong><\/strong><\/strong><\/strong><\/strong><\/p>\n\n\n\n<figure class=\"wp-block-image is-resized\"><img loading=\"lazy\" decoding=\"async\" width=\"577\" height=\"812\" src=\"http:\/\/antoniojosebotelho.com.br\/br\/wp-content\/uploads\/2019\/05\/2004_apontamentos-de-engenharia.png\" alt=\"\" class=\"wp-image-89\" style=\"width:148px;height:208px\" srcset=\"http:\/\/antoniojosebotelho.com.br\/br\/wp-content\/uploads\/2019\/05\/2004_apontamentos-de-engenharia.png 577w, http:\/\/antoniojosebotelho.com.br\/br\/wp-content\/uploads\/2019\/05\/2004_apontamentos-de-engenharia-213x300.png 213w\" sizes=\"auto, (max-width: 577px) 100vw, 577px\" \/><figcaption class=\"wp-element-caption\"><a href=\"http:\/\/antoniojosebotelho.com.br\/br\/2019\/05\/12\/apontamentos-de-engenharia-economica-um-enfoque-a-partir-do-anarquismo-no-contexto-do-desenvolvimento-sustentavel\/\">Saiba mais<\/a><\/figcaption><\/figure>\n\n\n\n<p>Lan\u00e7ado em 2004<\/p>\n<\/div>\n<\/div>\n\n\n\n<div class=\"wp-block-columns has-2-columns is-layout-flex wp-container-core-columns-is-layout-9d6595d7 wp-block-columns-is-layout-flex\">\n<div class=\"wp-block-column is-layout-flow wp-block-column-is-layout-flow\">\n<p><strong><strong><strong><strong><strong><strong><strong><strong>Trajet\u00f3ria Tecnologica Alternativa &#8211; o acaso amaz\u00f4nico &#8211; Um Enfoque a partir do Projeto ZFM<\/strong><\/strong><\/strong><\/strong><\/strong><\/strong><\/strong><\/strong><\/p>\n\n\n\n<figure class=\"wp-block-image is-resized\"><img loading=\"lazy\" decoding=\"async\" width=\"577\" height=\"812\" src=\"http:\/\/antoniojosebotelho.com.br\/br\/wp-content\/uploads\/2019\/05\/2004_trajetoria-tecnologica.png\" alt=\"\" class=\"wp-image-90\" style=\"width:138px;height:194px\" srcset=\"http:\/\/antoniojosebotelho.com.br\/br\/wp-content\/uploads\/2019\/05\/2004_trajetoria-tecnologica.png 577w, http:\/\/antoniojosebotelho.com.br\/br\/wp-content\/uploads\/2019\/05\/2004_trajetoria-tecnologica-213x300.png 213w\" sizes=\"auto, (max-width: 577px) 100vw, 577px\" \/><figcaption class=\"wp-element-caption\"><a href=\"http:\/\/antoniojosebotelho.com.br\/br\/2019\/05\/12\/trajetoria-tecnologica-alternativa-o-acaso-amazonico-um-enfoque-a-partir-do-projeto-zfm\/\">Saiba mais<\/a><\/figcaption><\/figure>\n\n\n\n<p>Lan\u00e7ado em 2004<\/p>\n<\/div>\n\n\n\n<div class=\"wp-block-column is-layout-flow wp-block-column-is-layout-flow\">\n<p><strong><strong><strong><strong><strong><strong>Pequenas lascas: reflex\u00f5es junto ao modelo mental do projeto zfm<\/strong><\/strong><\/strong><\/strong><\/strong><\/strong><\/p>\n\n\n\n<figure class=\"wp-block-image is-resized\"><img loading=\"lazy\" decoding=\"async\" width=\"577\" height=\"812\" src=\"http:\/\/antoniojosebotelho.com.br\/br\/wp-content\/uploads\/2019\/05\/2003_pequenas_lascas.png\" alt=\"\" class=\"wp-image-88\" style=\"width:124px;height:174px\" srcset=\"http:\/\/antoniojosebotelho.com.br\/br\/wp-content\/uploads\/2019\/05\/2003_pequenas_lascas.png 577w, http:\/\/antoniojosebotelho.com.br\/br\/wp-content\/uploads\/2019\/05\/2003_pequenas_lascas-213x300.png 213w\" sizes=\"auto, (max-width: 577px) 100vw, 577px\" \/><figcaption class=\"wp-element-caption\"><a href=\"http:\/\/antoniojosebotelho.com.br\/br\/2019\/05\/12\/pequenas-lascas-reflexoes-junto-ao-modelo-mental-do-projeto-zfm\/\">Saiba mais<\/a><\/figcaption><\/figure>\n\n\n\n<p>Lan\u00e7ado em 2003<br>Vers\u00e3o em CD<\/p>\n<\/div>\n<\/div>\n\n\n\n<div class=\"wp-block-columns has-2-columns is-layout-flex wp-container-core-columns-is-layout-9d6595d7 wp-block-columns-is-layout-flex\">\n<div class=\"wp-block-column is-layout-flow wp-block-column-is-layout-flow\">\n<p><strong><strong><strong><strong><strong><strong>Celebrando a Vida na Mem\u00f3ria de MICAS<\/strong><\/strong><\/strong><\/strong><\/strong><\/strong><\/p>\n\n\n\n<figure class=\"wp-block-image is-resized\"><img loading=\"lazy\" decoding=\"async\" width=\"577\" height=\"812\" src=\"http:\/\/antoniojosebotelho.com.br\/br\/wp-content\/uploads\/2019\/05\/2002_celebrando-a-vida.png\" alt=\"\" class=\"wp-image-87\" style=\"width:130px;height:182px\" srcset=\"http:\/\/antoniojosebotelho.com.br\/br\/wp-content\/uploads\/2019\/05\/2002_celebrando-a-vida.png 577w, http:\/\/antoniojosebotelho.com.br\/br\/wp-content\/uploads\/2019\/05\/2002_celebrando-a-vida-213x300.png 213w\" sizes=\"auto, (max-width: 577px) 100vw, 577px\" \/><figcaption class=\"wp-element-caption\"><a href=\"http:\/\/antoniojosebotelho.com.br\/br\/2019\/05\/12\/celebrando-a-vida-na-memoria-da-micas-co-autor\/\">Saiba mais<\/a><\/figcaption><\/figure>\n\n\n\n<p>Lan\u00e7ado em 2002<\/p>\n<\/div>\n\n\n\n<div class=\"wp-block-column is-layout-flow wp-block-column-is-layout-flow\">\n<p><strong><strong><strong><strong><strong><strong><strong><strong>Projeto ZFM: Vetor de interiorizado ampliado!<\/strong><\/strong><\/strong><\/strong><\/strong><\/strong><\/strong><\/strong><\/p>\n\n\n\n<figure class=\"wp-block-image is-resized\"><img loading=\"lazy\" decoding=\"async\" width=\"577\" height=\"812\" src=\"http:\/\/antoniojosebotelho.com.br\/br\/wp-content\/uploads\/2019\/05\/2001_projeto-zfm.png\" alt=\"\" class=\"wp-image-86\" style=\"width:156px;height:219px\" srcset=\"http:\/\/antoniojosebotelho.com.br\/br\/wp-content\/uploads\/2019\/05\/2001_projeto-zfm.png 577w, http:\/\/antoniojosebotelho.com.br\/br\/wp-content\/uploads\/2019\/05\/2001_projeto-zfm-213x300.png 213w\" sizes=\"auto, (max-width: 577px) 100vw, 577px\" \/><figcaption class=\"wp-element-caption\"><a href=\"http:\/\/antoniojosebotelho.com.br\/br\/2019\/05\/12\/projeto-zfm-vetor-de-interiorizacao-ampliado\/\">Saiba mais<\/a><\/figcaption><\/figure>\n\n\n\n<p>Lan\u00e7ado em 2001<\/p>\n<\/div>\n<\/div>\n\n\n\n<div class=\"wp-block-columns has-2-columns is-layout-flex wp-container-core-columns-is-layout-9d6595d7 wp-block-columns-is-layout-flex\">\n<div class=\"wp-block-column is-layout-flow wp-block-column-is-layout-flow\">\n<p><strong><strong><strong><strong><strong><strong><strong><strong>Toques Anarquistas: contribui\u00e7\u00e3o para uma vis\u00e3o do mundo alternativo<\/strong><\/strong><\/strong><\/strong><\/strong><\/strong><\/strong><\/strong><\/p>\n\n\n\n<figure class=\"wp-block-image is-resized\"><img loading=\"lazy\" decoding=\"async\" width=\"577\" height=\"812\" src=\"http:\/\/antoniojosebotelho.com.br\/br\/wp-content\/uploads\/2019\/05\/1997_toques-anarquistas.png\" alt=\"\" class=\"wp-image-85\" style=\"width:141px;height:198px\" srcset=\"http:\/\/antoniojosebotelho.com.br\/br\/wp-content\/uploads\/2019\/05\/1997_toques-anarquistas.png 577w, http:\/\/antoniojosebotelho.com.br\/br\/wp-content\/uploads\/2019\/05\/1997_toques-anarquistas-213x300.png 213w\" sizes=\"auto, (max-width: 577px) 100vw, 577px\" \/><figcaption class=\"wp-element-caption\"><a href=\"http:\/\/antoniojosebotelho.com.br\/br\/2019\/05\/12\/toques-anarquistas-contribuicao-para-uma-visao-de-mundo-alternativa\/\">Saiba mais<\/a><\/figcaption><\/figure>\n\n\n\n<p>Lan\u00e7ado em 1997<\/p>\n<\/div>\n\n\n\n<div class=\"wp-block-column is-layout-flow wp-block-column-is-layout-flow\">\n<p><strong><strong><strong><strong>Redesenhando o Projeto ZFM: Um estado de alerta!<\/strong><\/strong><\/strong><\/strong><\/p>\n\n\n\n<figure class=\"wp-block-image is-resized\"><img loading=\"lazy\" decoding=\"async\" width=\"577\" height=\"812\" src=\"http:\/\/antoniojosebotelho.com.br\/br\/wp-content\/uploads\/2019\/05\/1996_redesenhando-o-projeto-zfm.png\" alt=\"\" class=\"wp-image-84\" style=\"width:142px;height:199px\" srcset=\"http:\/\/antoniojosebotelho.com.br\/br\/wp-content\/uploads\/2019\/05\/1996_redesenhando-o-projeto-zfm.png 577w, http:\/\/antoniojosebotelho.com.br\/br\/wp-content\/uploads\/2019\/05\/1996_redesenhando-o-projeto-zfm-213x300.png 213w\" sizes=\"auto, (max-width: 577px) 100vw, 577px\" \/><figcaption class=\"wp-element-caption\"><a href=\"http:\/\/antoniojosebotelho.com.br\/br\/2019\/05\/12\/redesenhando-o-projeto-zfm-um-estado-de-alerta\/\">Saiba mais<\/a><\/figcaption><\/figure>\n\n\n\n<p>Lan\u00e7ado em 1996<\/p>\n<\/div>\n<\/div>\n\n\n\n<p><\/p>\n","protected":false},"excerpt":{"rendered":"<p>Publicados entre 1996 e 2026. Significados&amp;Significa\u00e7\u00f5es ParaAssentamentos no Espa\u00e7oInterno&amp;Subjetivo Saiba mais Ano: 2026ISBN 978-65-01-92425-0 Personagens &amp; Pap\u00e9is: Saiba mais Imagens &amp; Notas de uma Exist\u00eancia!Ano: 2025ISBN 978-65-01-52532-7 Passeios &amp; Peregrina\u00e7\u00f5es: Saiba mais 13 anos de desfrute!Ano: 2025ISBN 978-65-01-38090-2 S\u00e9ries de Hatha Yoga Saiba mais Duas d\u00e9cadas de pr\u00e1ticaAno: 2025ISBN 978-65-01-28780-5 S\u00ednteses Ilustradas de Nove das [&hellip;]<\/p>\n","protected":false},"author":1,"featured_media":1164,"parent":0,"menu_order":0,"comment_status":"closed","ping_status":"closed","template":"","meta":{"footnotes":""},"class_list":["post-6","page","type-page","status-publish","has-post-thumbnail","hentry"],"yoast_head":"<!-- This site is optimized with the Yoast SEO plugin v27.4 - https:\/\/yoast.com\/product\/yoast-seo-wordpress\/ -->\n<title>Livros Publicados - Ant\u00f4nio Jos\u00e9 Botelho<\/title>\n<meta name=\"description\" content=\"Livros publicados a respeito da Zona Franca de Manaus e Textos Sagrados Hindus e Budista.\" \/>\n<meta name=\"robots\" content=\"index, follow, max-snippet:-1, max-image-preview:large, max-video-preview:-1\" \/>\n<link rel=\"canonical\" href=\"http:\/\/antoniojosebotelho.com.br\/br\/livros-publicados\/\" \/>\n<meta property=\"og:locale\" content=\"pt_BR\" \/>\n<meta property=\"og:type\" content=\"article\" \/>\n<meta property=\"og:title\" content=\"Livros Publicados - Ant\u00f4nio Jos\u00e9 Botelho\" \/>\n<meta property=\"og:description\" content=\"Livros publicados a respeito da Zona Franca de Manaus e Textos Sagrados Hindus e Budista.\" \/>\n<meta property=\"og:url\" content=\"http:\/\/antoniojosebotelho.com.br\/br\/livros-publicados\/\" \/>\n<meta property=\"og:site_name\" content=\"Ant\u00f4nio Jos\u00e9 Botelho\" \/>\n<meta property=\"article:modified_time\" content=\"2026-04-21T20:13:21+00:00\" \/>\n<meta property=\"og:image\" content=\"http:\/\/antoniojosebotelho.com.br\/br\/wp-content\/uploads\/2025\/12\/chamada-capasv3.png\" \/>\n\t<meta property=\"og:image:width\" content=\"1500\" \/>\n\t<meta property=\"og:image:height\" content=\"500\" \/>\n\t<meta property=\"og:image:type\" content=\"image\/png\" \/>\n<meta name=\"twitter:card\" content=\"summary_large_image\" \/>\n<meta name=\"twitter:label1\" content=\"Est. tempo de leitura\" \/>\n\t<meta name=\"twitter:data1\" content=\"8 minutos\" \/>\n<script type=\"application\/ld+json\" class=\"yoast-schema-graph\">{\"@context\":\"https:\\\/\\\/schema.org\",\"@graph\":[{\"@type\":\"WebPage\",\"@id\":\"http:\\\/\\\/antoniojosebotelho.com.br\\\/br\\\/livros-publicados\\\/\",\"url\":\"http:\\\/\\\/antoniojosebotelho.com.br\\\/br\\\/livros-publicados\\\/\",\"name\":\"Livros Publicados - Ant\u00f4nio Jos\u00e9 Botelho\",\"isPartOf\":{\"@id\":\"http:\\\/\\\/antoniojosebotelho.com.br\\\/br\\\/#website\"},\"primaryImageOfPage\":{\"@id\":\"http:\\\/\\\/antoniojosebotelho.com.br\\\/br\\\/livros-publicados\\\/#primaryimage\"},\"image\":{\"@id\":\"http:\\\/\\\/antoniojosebotelho.com.br\\\/br\\\/livros-publicados\\\/#primaryimage\"},\"thumbnailUrl\":\"http:\\\/\\\/antoniojosebotelho.com.br\\\/br\\\/wp-content\\\/uploads\\\/2025\\\/12\\\/chamada-capasv3.png\",\"datePublished\":\"2019-04-20T14:41:42+00:00\",\"dateModified\":\"2026-04-21T20:13:21+00:00\",\"description\":\"Livros publicados a respeito da Zona Franca de Manaus e Textos Sagrados Hindus e Budista.\",\"breadcrumb\":{\"@id\":\"http:\\\/\\\/antoniojosebotelho.com.br\\\/br\\\/livros-publicados\\\/#breadcrumb\"},\"inLanguage\":\"pt-BR\",\"potentialAction\":[{\"@type\":\"ReadAction\",\"target\":[\"http:\\\/\\\/antoniojosebotelho.com.br\\\/br\\\/livros-publicados\\\/\"]}]},{\"@type\":\"ImageObject\",\"inLanguage\":\"pt-BR\",\"@id\":\"http:\\\/\\\/antoniojosebotelho.com.br\\\/br\\\/livros-publicados\\\/#primaryimage\",\"url\":\"http:\\\/\\\/antoniojosebotelho.com.br\\\/br\\\/wp-content\\\/uploads\\\/2025\\\/12\\\/chamada-capasv3.png\",\"contentUrl\":\"http:\\\/\\\/antoniojosebotelho.com.br\\\/br\\\/wp-content\\\/uploads\\\/2025\\\/12\\\/chamada-capasv3.png\",\"width\":1500,\"height\":500},{\"@type\":\"BreadcrumbList\",\"@id\":\"http:\\\/\\\/antoniojosebotelho.com.br\\\/br\\\/livros-publicados\\\/#breadcrumb\",\"itemListElement\":[{\"@type\":\"ListItem\",\"position\":1,\"name\":\"In\u00edcio\",\"item\":\"http:\\\/\\\/antoniojosebotelho.com.br\\\/br\\\/\"},{\"@type\":\"ListItem\",\"position\":2,\"name\":\"Livros Publicados\"}]},{\"@type\":\"WebSite\",\"@id\":\"http:\\\/\\\/antoniojosebotelho.com.br\\\/br\\\/#website\",\"url\":\"http:\\\/\\\/antoniojosebotelho.com.br\\\/br\\\/\",\"name\":\"Ant\u00f4nio Jos\u00e9 Botelho\",\"description\":\"Publica\u00e7\u00f5es e Artigos.\",\"publisher\":{\"@id\":\"http:\\\/\\\/antoniojosebotelho.com.br\\\/br\\\/#\\\/schema\\\/person\\\/43d740221d9216f49d857c5020d14dbc\"},\"potentialAction\":[{\"@type\":\"SearchAction\",\"target\":{\"@type\":\"EntryPoint\",\"urlTemplate\":\"http:\\\/\\\/antoniojosebotelho.com.br\\\/br\\\/?s={search_term_string}\"},\"query-input\":{\"@type\":\"PropertyValueSpecification\",\"valueRequired\":true,\"valueName\":\"search_term_string\"}}],\"inLanguage\":\"pt-BR\"},{\"@type\":[\"Person\",\"Organization\"],\"@id\":\"http:\\\/\\\/antoniojosebotelho.com.br\\\/br\\\/#\\\/schema\\\/person\\\/43d740221d9216f49d857c5020d14dbc\",\"name\":\"abotelho\",\"image\":{\"@type\":\"ImageObject\",\"inLanguage\":\"pt-BR\",\"@id\":\"http:\\\/\\\/antoniojosebotelho.com.br\\\/br\\\/wp-content\\\/uploads\\\/2019\\\/04\\\/img_capa-head2.png\",\"url\":\"http:\\\/\\\/antoniojosebotelho.com.br\\\/br\\\/wp-content\\\/uploads\\\/2019\\\/04\\\/img_capa-head2.png\",\"contentUrl\":\"http:\\\/\\\/antoniojosebotelho.com.br\\\/br\\\/wp-content\\\/uploads\\\/2019\\\/04\\\/img_capa-head2.png\",\"width\":240,\"height\":32,\"caption\":\"abotelho\"},\"logo\":{\"@id\":\"http:\\\/\\\/antoniojosebotelho.com.br\\\/br\\\/wp-content\\\/uploads\\\/2019\\\/04\\\/img_capa-head2.png\"}}]}<\/script>\n<!-- \/ Yoast SEO plugin. -->","yoast_head_json":{"title":"Livros Publicados - Ant\u00f4nio Jos\u00e9 Botelho","description":"Livros publicados a respeito da Zona Franca de Manaus e Textos Sagrados Hindus e Budista.","robots":{"index":"index","follow":"follow","max-snippet":"max-snippet:-1","max-image-preview":"max-image-preview:large","max-video-preview":"max-video-preview:-1"},"canonical":"http:\/\/antoniojosebotelho.com.br\/br\/livros-publicados\/","og_locale":"pt_BR","og_type":"article","og_title":"Livros Publicados - Ant\u00f4nio Jos\u00e9 Botelho","og_description":"Livros publicados a respeito da Zona Franca de Manaus e Textos Sagrados Hindus e Budista.","og_url":"http:\/\/antoniojosebotelho.com.br\/br\/livros-publicados\/","og_site_name":"Ant\u00f4nio Jos\u00e9 Botelho","article_modified_time":"2026-04-21T20:13:21+00:00","og_image":[{"width":1500,"height":500,"url":"http:\/\/antoniojosebotelho.com.br\/br\/wp-content\/uploads\/2025\/12\/chamada-capasv3.png","type":"image\/png"}],"twitter_card":"summary_large_image","twitter_misc":{"Est. tempo de leitura":"8 minutos"},"schema":{"@context":"https:\/\/schema.org","@graph":[{"@type":"WebPage","@id":"http:\/\/antoniojosebotelho.com.br\/br\/livros-publicados\/","url":"http:\/\/antoniojosebotelho.com.br\/br\/livros-publicados\/","name":"Livros Publicados - Ant\u00f4nio Jos\u00e9 Botelho","isPartOf":{"@id":"http:\/\/antoniojosebotelho.com.br\/br\/#website"},"primaryImageOfPage":{"@id":"http:\/\/antoniojosebotelho.com.br\/br\/livros-publicados\/#primaryimage"},"image":{"@id":"http:\/\/antoniojosebotelho.com.br\/br\/livros-publicados\/#primaryimage"},"thumbnailUrl":"http:\/\/antoniojosebotelho.com.br\/br\/wp-content\/uploads\/2025\/12\/chamada-capasv3.png","datePublished":"2019-04-20T14:41:42+00:00","dateModified":"2026-04-21T20:13:21+00:00","description":"Livros publicados a respeito da Zona Franca de Manaus e Textos Sagrados Hindus e Budista.","breadcrumb":{"@id":"http:\/\/antoniojosebotelho.com.br\/br\/livros-publicados\/#breadcrumb"},"inLanguage":"pt-BR","potentialAction":[{"@type":"ReadAction","target":["http:\/\/antoniojosebotelho.com.br\/br\/livros-publicados\/"]}]},{"@type":"ImageObject","inLanguage":"pt-BR","@id":"http:\/\/antoniojosebotelho.com.br\/br\/livros-publicados\/#primaryimage","url":"http:\/\/antoniojosebotelho.com.br\/br\/wp-content\/uploads\/2025\/12\/chamada-capasv3.png","contentUrl":"http:\/\/antoniojosebotelho.com.br\/br\/wp-content\/uploads\/2025\/12\/chamada-capasv3.png","width":1500,"height":500},{"@type":"BreadcrumbList","@id":"http:\/\/antoniojosebotelho.com.br\/br\/livros-publicados\/#breadcrumb","itemListElement":[{"@type":"ListItem","position":1,"name":"In\u00edcio","item":"http:\/\/antoniojosebotelho.com.br\/br\/"},{"@type":"ListItem","position":2,"name":"Livros Publicados"}]},{"@type":"WebSite","@id":"http:\/\/antoniojosebotelho.com.br\/br\/#website","url":"http:\/\/antoniojosebotelho.com.br\/br\/","name":"Ant\u00f4nio Jos\u00e9 Botelho","description":"Publica\u00e7\u00f5es e Artigos.","publisher":{"@id":"http:\/\/antoniojosebotelho.com.br\/br\/#\/schema\/person\/43d740221d9216f49d857c5020d14dbc"},"potentialAction":[{"@type":"SearchAction","target":{"@type":"EntryPoint","urlTemplate":"http:\/\/antoniojosebotelho.com.br\/br\/?s={search_term_string}"},"query-input":{"@type":"PropertyValueSpecification","valueRequired":true,"valueName":"search_term_string"}}],"inLanguage":"pt-BR"},{"@type":["Person","Organization"],"@id":"http:\/\/antoniojosebotelho.com.br\/br\/#\/schema\/person\/43d740221d9216f49d857c5020d14dbc","name":"abotelho","image":{"@type":"ImageObject","inLanguage":"pt-BR","@id":"http:\/\/antoniojosebotelho.com.br\/br\/wp-content\/uploads\/2019\/04\/img_capa-head2.png","url":"http:\/\/antoniojosebotelho.com.br\/br\/wp-content\/uploads\/2019\/04\/img_capa-head2.png","contentUrl":"http:\/\/antoniojosebotelho.com.br\/br\/wp-content\/uploads\/2019\/04\/img_capa-head2.png","width":240,"height":32,"caption":"abotelho"},"logo":{"@id":"http:\/\/antoniojosebotelho.com.br\/br\/wp-content\/uploads\/2019\/04\/img_capa-head2.png"}}]}},"_links":{"self":[{"href":"http:\/\/antoniojosebotelho.com.br\/br\/wp-json\/wp\/v2\/pages\/6","targetHints":{"allow":["GET"]}}],"collection":[{"href":"http:\/\/antoniojosebotelho.com.br\/br\/wp-json\/wp\/v2\/pages"}],"about":[{"href":"http:\/\/antoniojosebotelho.com.br\/br\/wp-json\/wp\/v2\/types\/page"}],"author":[{"embeddable":true,"href":"http:\/\/antoniojosebotelho.com.br\/br\/wp-json\/wp\/v2\/users\/1"}],"replies":[{"embeddable":true,"href":"http:\/\/antoniojosebotelho.com.br\/br\/wp-json\/wp\/v2\/comments?post=6"}],"version-history":[{"count":85,"href":"http:\/\/antoniojosebotelho.com.br\/br\/wp-json\/wp\/v2\/pages\/6\/revisions"}],"predecessor-version":[{"id":1174,"href":"http:\/\/antoniojosebotelho.com.br\/br\/wp-json\/wp\/v2\/pages\/6\/revisions\/1174"}],"wp:featuredmedia":[{"embeddable":true,"href":"http:\/\/antoniojosebotelho.com.br\/br\/wp-json\/wp\/v2\/media\/1164"}],"wp:attachment":[{"href":"http:\/\/antoniojosebotelho.com.br\/br\/wp-json\/wp\/v2\/media?parent=6"}],"curies":[{"name":"wp","href":"https:\/\/api.w.org\/{rel}","templated":true}]}}